{"id":385,"date":"2024-03-14T14:32:06","date_gmt":"2024-03-14T13:32:06","guid":{"rendered":"https:\/\/bienveillance-en-abondance.com\/?page_id=385"},"modified":"2024-07-04T16:51:56","modified_gmt":"2024-07-04T14:51:56","slug":"temoinages","status":"publish","type":"page","link":"https:\/\/bienveillance-en-abondance.com\/index.php\/temoinages\/","title":{"rendered":"T\u00c9MOIGNAGES"},"content":{"rendered":"<p>[et_pb_section fb_built=\u00a0\u00bb1&Prime; fullwidth=\u00a0\u00bbon\u00a0\u00bb next_background_color=\u00a0\u00bb#ffb356&Prime; _builder_version=\u00a0\u00bb4.16&Prime; bottom_divider_style=\u00a0\u00bbslant\u00a0\u00bb bottom_divider_flip=\u00a0\u00bbhorizontal\u00a0\u00bb global_colors_info=\u00a0\u00bb{}\u00a0\u00bb][et_pb_fullwidth_header title=\u00a0\u00bbT\u00c9MOIGNAGES\u00a0\u00bb text_orientation=\u00a0\u00bbcenter\u00a0\u00bb background_overlay_color=\u00a0\u00bbrgba(52,81,104,0.8)\u00a0\u00bb _builder_version=\u00a0\u00bb4.24.2&Prime; title_font=\u00a0\u00bbLato|700|||||||\u00a0\u00bb title_font_size=\u00a0\u00bb46px\u00a0\u00bb title_line_height=\u00a0\u00bb1.5em\u00a0\u00bb content_font=\u00a0\u00bbLato||||||||\u00a0\u00bb content_font_size=\u00a0\u00bb20px\u00a0\u00bb content_line_height=\u00a0\u00bb1.8em\u00a0\u00bb subhead_font=\u00a0\u00bbLato|700|||||||\u00a0\u00bb subhead_font_size=\u00a0\u00bb25px\u00a0\u00bb subhead_line_height=\u00a0\u00bb1.5em\u00a0\u00bb background_color=\u00a0\u00bb#afafaf\u00a0\u00bb background_image=\u00a0\u00bbhttps:\/\/bienveillance-en-abondance.com\/wp-content\/uploads\/2024\/03\/fond-sabinalecoeur.jpg\u00a0\u00bb custom_margin=\u00a0\u00bb|||\u00a0\u00bb custom_padding=\u00a0\u00bb5vw||64px||false|\u00a0\u00bb animation_style=\u00a0\u00bbslide\u00a0\u00bb animation_direction=\u00a0\u00bbtop\u00a0\u00bb animation_intensity_slide=\u00a0\u00bb2%\u00a0\u00bb title_font_size_tablet=\u00a0\u00bb36px\u00a0\u00bb title_font_size_phone=\u00a0\u00bb\u00a0\u00bb title_font_size_last_edited=\u00a0\u00bbon|phone\u00a0\u00bb global_colors_info=\u00a0\u00bb{}\u00a0\u00bb button_one_text_size__hover_enabled=\u00a0\u00bboff\u00a0\u00bb button_two_text_size__hover_enabled=\u00a0\u00bboff\u00a0\u00bb button_one_text_color__hover_enabled=\u00a0\u00bboff\u00a0\u00bb button_two_text_color__hover_enabled=\u00a0\u00bboff\u00a0\u00bb button_one_border_width__hover_enabled=\u00a0\u00bboff\u00a0\u00bb button_two_border_width__hover_enabled=\u00a0\u00bboff\u00a0\u00bb button_one_border_color__hover_enabled=\u00a0\u00bboff\u00a0\u00bb button_two_border_color__hover_enabled=\u00a0\u00bboff\u00a0\u00bb button_one_border_radius__hover_enabled=\u00a0\u00bboff\u00a0\u00bb button_two_border_radius__hover_enabled=\u00a0\u00bboff\u00a0\u00bb button_one_letter_spacing__hover_enabled=\u00a0\u00bboff\u00a0\u00bb button_two_letter_spacing__hover_enabled=\u00a0\u00bboff\u00a0\u00bb button_one_bg_color__hover_enabled=\u00a0\u00bboff\u00a0\u00bb button_two_bg_color__hover_enabled=\u00a0\u00bboff\u00a0\u00bb][\/et_pb_fullwidth_header][\/et_pb_section][et_pb_section fb_built=\u00a0\u00bb1&Prime; next_background_color=\u00a0\u00bb#ffffff\u00a0\u00bb admin_label=\u00a0\u00bbQuote\u00a0\u00bb _builder_version=\u00a0\u00bb4.16&Prime; background_color=\u00a0\u00bb#ffb356&Prime; custom_padding=\u00a0\u00bb||0px||false|\u00a0\u00bb bottom_divider_style=\u00a0\u00bbslant\u00a0\u00bb bottom_divider_flip=\u00a0\u00bbhorizontal\u00a0\u00bb global_colors_info=\u00a0\u00bb{}\u00a0\u00bb][et_pb_row _builder_version=\u00a0\u00bb4.16&Prime; custom_margin=\u00a0\u00bb-53px|auto||auto||\u00a0\u00bb custom_padding=\u00a0\u00bb||0px|||\u00a0\u00bb global_colors_info=\u00a0\u00bb{}\u00a0\u00bb][et_pb_column type=\u00a0\u00bb4_4&Prime; _builder_version=\u00a0\u00bb4.16&Prime; custom_padding=\u00a0\u00bb|||\u00a0\u00bb global_colors_info=\u00a0\u00bb{}\u00a0\u00bb custom_padding__hover=\u00a0\u00bb|||\u00a0\u00bb][et_pb_text _builder_version=\u00a0\u00bb4.16&Prime; text_font=\u00a0\u00bbCaveat|700|||||||\u00a0\u00bb text_text_color=\u00a0\u00bb#ffffff\u00a0\u00bb text_font_size=\u00a0\u00bb47px\u00a0\u00bb text_line_height=\u00a0\u00bb1.5em\u00a0\u00bb header_font=\u00a0\u00bb||||||||\u00a0\u00bb text_orientation=\u00a0\u00bbcenter\u00a0\u00bb max_width=\u00a0\u00bb800px\u00a0\u00bb module_alignment=\u00a0\u00bbcenter\u00a0\u00bb min_height=\u00a0\u00bb263px\u00a0\u00bb custom_padding=\u00a0\u00bb||0px|||\u00a0\u00bb text_font_size_tablet=\u00a0\u00bb36px\u00a0\u00bb text_font_size_phone=\u00a0\u00bb26px\u00a0\u00bb text_font_size_last_edited=\u00a0\u00bbon|phone\u00a0\u00bb global_colors_info=\u00a0\u00bb{}\u00a0\u00bb]<\/p>\n<p class=\"p1\"><span class=\"s1\">\u00ab <\/span>Tous les hommes pensent que le bonheur se trouve au sommet de la montage alors qu&rsquo;il r\u00e9side dans la fa\u00e7on de la gravir <span class=\"s1\">\u00bb<\/span><span class=\"s2\">\u00a0<br \/><\/span><span class=\"s1\">Confucius.<\/span><span class=\"s3\"> <\/span><\/p>\n<p>&nbsp;<\/p>\n<p>[\/et_pb_text][\/et_pb_column][\/et_pb_row][\/et_pb_section][et_pb_section fb_built=\u00a0\u00bb1&Prime; next_background_color=\u00a0\u00bb#ffbe6b\u00a0\u00bb admin_label=\u00a0\u00bbAbout Me\u00a0\u00bb _builder_version=\u00a0\u00bb4.16&Prime; background_color=\u00a0\u00bb#ffffff\u00a0\u00bb custom_padding=\u00a0\u00bb||59px||false|false\u00a0\u00bb bottom_divider_style=\u00a0\u00bbslant\u00a0\u00bb bottom_divider_flip=\u00a0\u00bbhorizontal\u00a0\u00bb global_colors_info=\u00a0\u00bb{}\u00a0\u00bb][et_pb_row column_structure=\u00a0\u00bb1_2,1_2&Prime; _builder_version=\u00a0\u00bb4.24.2&Prime; global_colors_info=\u00a0\u00bb{}\u00a0\u00bb][et_pb_column type=\u00a0\u00bb1_2&Prime; _builder_version=\u00a0\u00bb4.24.2&Prime; custom_padding=\u00a0\u00bb|||\u00a0\u00bb global_colors_info=\u00a0\u00bb{}\u00a0\u00bb custom_padding__hover=\u00a0\u00bb|||\u00a0\u00bb][et_pb_text _builder_version=\u00a0\u00bb4.24.2&Prime; text_font=\u00a0\u00bb||||||||\u00a0\u00bb text_font_size=\u00a0\u00bb16px\u00a0\u00bb text_line_height=\u00a0\u00bb1.8em\u00a0\u00bb link_font=\u00a0\u00bb||||||||\u00a0\u00bb ul_font=\u00a0\u00bb||||||||\u00a0\u00bb ol_font=\u00a0\u00bb||||||||\u00a0\u00bb quote_font=\u00a0\u00bb||||||||\u00a0\u00bb header_font=\u00a0\u00bb||||||||\u00a0\u00bb header_2_font=\u00a0\u00bbLato|700|||||||\u00a0\u00bb header_2_font_size=\u00a0\u00bb30px\u00a0\u00bb header_2_letter_spacing=\u00a0\u00bb1px\u00a0\u00bb header_2_line_height=\u00a0\u00bb1.5em\u00a0\u00bb text_orientation=\u00a0\u00bbjustified\u00a0\u00bb width=\u00a0\u00bb100%\u00a0\u00bb animation_style=\u00a0\u00bbslide\u00a0\u00bb animation_direction=\u00a0\u00bbbottom\u00a0\u00bb animation_intensity_slide=\u00a0\u00bb5%\u00a0\u00bb header_2_font_size_tablet=\u00a0\u00bb\u00a0\u00bb header_2_font_size_phone=\u00a0\u00bb22px\u00a0\u00bb header_2_font_size_last_edited=\u00a0\u00bbon|phone\u00a0\u00bb global_colors_info=\u00a0\u00bb{}\u00a0\u00bb]<\/p>\n<p class=\"p1\" style=\"text-align: justify;\"><span class=\"s1\"><i><strong><em><img loading=\"lazy\" decoding=\"async\" src=\"https:\/\/lenvisagee.com\/wp-content\/uploads\/2022\/09\/TEMOIGNAGES-LENVISAGEE.png\" width=\"143\" height=\"23\" alt=\"\" class=\"wp-image-355 alignnone size-full\" \/><\/em><\/strong><\/i><\/span><\/p>\n<p class=\"p1\" style=\"text-align: justify;\"><span class=\"s1\">\u00a0\u00bb Bonjour Sabrina,<br \/>Je tenais \u00e0 t&rsquo;\u00e9crire ce message pour exprimer toute ma gratitude envers toi. Je souhaite te remercier du fond du c\u0153ur pour tout ce que tu as fait pour moi. Les moments que nous avons partag\u00e9s lors de nos s\u00e9ances de coaching ont \u00e9t\u00e9 extr\u00eamement pr\u00e9cieux et ont eu un impact sur ma vie.<br \/>Ta bienveillance et ton soutien m&rsquo;ont permis de me sentir \u00e9cout\u00e9e et comprise dans mes d\u00e9fis personnels et professionnels. Gr\u00e2ce \u00e0 toi, j&rsquo;ai pu explorer mes pens\u00e9es les plus profondes, remettre en question mes croyances limitantes et d\u00e9couvrir de nouvelles perspectives.<br \/>Tu as su adapter tes conseils et tes outils \u00e0 mes besoins sp\u00e9cifiques, ce qui a renforc\u00e9 ma confiance en moi et ma capacit\u00e9 \u00e0 atteindre mes objectifs. Au-del\u00e0 de ton expertise professionnelle, je tiens \u00e0 souligner ta chaleur et ta bienveillance. Tu as su cr\u00e9er un espace s\u00fbr o\u00f9 je me suis sentie \u00e9cout\u00e9e et soutenue sans jugement.<br \/>Un grand merci Sabrina pour ton accompagnement et ton professionnalisme sur cette ann\u00e9e 2022.<br \/>Tes qualit\u00e9s d&rsquo;\u00e9coute et d&#8217;empathie sont exceptionnelles et tr\u00e8s conseils d&rsquo;une grande valeur \u00ab\u00a0<br \/><\/span><strong><span style=\"color: #ff9900;\"><em style=\"font-size: 16px;\"><span class=\"s1\">M\u00e9lanie. B<br \/>Directrice &#8211; Centre de formation.<\/span><\/em><\/span><\/strong><\/p>\n<p>[\/et_pb_text][et_pb_text _builder_version=\u00a0\u00bb4.24.2&Prime; text_font=\u00a0\u00bb||||||||\u00a0\u00bb text_font_size=\u00a0\u00bb16px\u00a0\u00bb text_line_height=\u00a0\u00bb1.8em\u00a0\u00bb link_font=\u00a0\u00bb||||||||\u00a0\u00bb ul_font=\u00a0\u00bb||||||||\u00a0\u00bb ol_font=\u00a0\u00bb||||||||\u00a0\u00bb quote_font=\u00a0\u00bb||||||||\u00a0\u00bb header_font=\u00a0\u00bb||||||||\u00a0\u00bb header_2_font=\u00a0\u00bbLato|700|||||||\u00a0\u00bb header_2_font_size=\u00a0\u00bb30px\u00a0\u00bb header_2_letter_spacing=\u00a0\u00bb1px\u00a0\u00bb header_2_line_height=\u00a0\u00bb1.5em\u00a0\u00bb text_orientation=\u00a0\u00bbjustified\u00a0\u00bb width=\u00a0\u00bb100%\u00a0\u00bb animation_style=\u00a0\u00bbslide\u00a0\u00bb animation_direction=\u00a0\u00bbbottom\u00a0\u00bb animation_intensity_slide=\u00a0\u00bb5%\u00a0\u00bb header_2_font_size_tablet=\u00a0\u00bb\u00a0\u00bb header_2_font_size_phone=\u00a0\u00bb22px\u00a0\u00bb header_2_font_size_last_edited=\u00a0\u00bbon|phone\u00a0\u00bb global_colors_info=\u00a0\u00bb{}\u00a0\u00bb]<\/p>\n<p class=\"p1\">\n<p class=\"p1\"><span class=\"s1\"><i><strong><em><img loading=\"lazy\" decoding=\"async\" src=\"https:\/\/lenvisagee.com\/wp-content\/uploads\/2022\/09\/TEMOIGNAGES-LENVISAGEE.png\" width=\"143\" height=\"23\" alt=\"\" class=\"wp-image-355 alignnone size-full\" \/><\/em><\/strong><\/i><\/span><\/p>\n<p class=\"p2\"><span class=\"s1\">Sabrina est tr\u00e8s \u00e0 l&rsquo;\u00e9coute, elle cherche \u00e0 bien me comprendre pour me proposer des outils tr\u00e8s personnalis\u00e9s. Ce qu&rsquo;elle m&rsquo;a propos\u00e9 m&rsquo;a beaucoup aid\u00e9 et a contribu\u00e9 \u00e0 une r\u00e9elle \u00e9volution : prise de conscience, changement en profondeur, plus de paix et de s\u00e9r\u00e9nit\u00e9. ma communication a \u00e9galement \u00e9volu\u00e9 gr\u00e2ce au coaching de Sabrina. J&rsquo;ai plus d&rsquo;aisance, mes mots ne sont prisonniers de mes blocages. \u00ab\u00a0<br \/><\/span><strong style=\"font-size: 16px;\"><span style=\"color: #ff9900;\"><em style=\"font-size: 16px;\"><span class=\"s1\"><span class=\"s2\">Laure B. <br \/><\/span><\/span><\/em><\/span><\/strong><strong style=\"font-size: 16px;\"><span style=\"color: #ff9900;\"><em style=\"font-size: 16px;\"><span class=\"s1\"><span class=\"s2\">Cadre dans la fonction publique.<\/span><\/span><\/em><\/span><\/strong><\/p>\n<p class=\"p3\"><strong><span style=\"color: #ff9900;\"><em style=\"font-size: 16px;\"><span class=\"s1\"><span class=\"s2\"><\/span><\/span><\/em><\/span><\/strong><\/p>\n<p>[\/et_pb_text][et_pb_text _builder_version=\u00a0\u00bb4.24.2&Prime; text_font=\u00a0\u00bb||||||||\u00a0\u00bb text_font_size=\u00a0\u00bb16px\u00a0\u00bb text_line_height=\u00a0\u00bb1.8em\u00a0\u00bb link_font=\u00a0\u00bb||||||||\u00a0\u00bb ul_font=\u00a0\u00bb||||||||\u00a0\u00bb ol_font=\u00a0\u00bb||||||||\u00a0\u00bb quote_font=\u00a0\u00bb||||||||\u00a0\u00bb header_font=\u00a0\u00bb||||||||\u00a0\u00bb header_2_font=\u00a0\u00bbLato|700|||||||\u00a0\u00bb header_2_font_size=\u00a0\u00bb30px\u00a0\u00bb header_2_letter_spacing=\u00a0\u00bb1px\u00a0\u00bb header_2_line_height=\u00a0\u00bb1.5em\u00a0\u00bb text_orientation=\u00a0\u00bbjustified\u00a0\u00bb width=\u00a0\u00bb100%\u00a0\u00bb animation_style=\u00a0\u00bbslide\u00a0\u00bb animation_direction=\u00a0\u00bbbottom\u00a0\u00bb animation_intensity_slide=\u00a0\u00bb5%\u00a0\u00bb header_2_font_size_tablet=\u00a0\u00bb\u00a0\u00bb header_2_font_size_phone=\u00a0\u00bb22px\u00a0\u00bb header_2_font_size_last_edited=\u00a0\u00bbon|phone\u00a0\u00bb global_colors_info=\u00a0\u00bb{}\u00a0\u00bb]<\/p>\n<p class=\"p1\"><span class=\"s1\"><i><strong><em><img loading=\"lazy\" decoding=\"async\" src=\"https:\/\/lenvisagee.com\/wp-content\/uploads\/2022\/09\/TEMOIGNAGES-LENVISAGEE.png\" width=\"143\" height=\"23\" alt=\"\" class=\"wp-image-355 alignnone size-full\" \/><\/em><\/strong><\/i><\/span><\/p>\n<p>\u00a0\u00bb Salari\u00e9e dans le domaine des assurances depuis 14 ans, j\u2019\u00e9tais en plein Burn-out quand j\u2019ai rencontr\u00e9 Sabrina. En perte totale de rep\u00e8re et d\u2019estime de moi, mon objectif \u00e9tait de travailler la confiance en moi pour me sentir sereine dans mes futurs projets professionnels. J\u2019ai rapidement ressenti que Sabrina avait bien appr\u00e9hend\u00e9 ma personnalit\u00e9 et mes besoins.<br \/>Le dialogue est toujours fluide, encourageant et motivant. Nous travaillons \u00e0 raison d\u2019une s\u00e9ance par semaine et je dois dire que c\u2019est un moment que j\u2019attends avec impatience \u00e0 chaque fois et qui m\u2019apporte beaucoup dans ma reconstruction.<br \/>Les exercices propos\u00e9s entre chaque s\u00e9ance sont toujours adapt\u00e9s au travail effectu\u00e9 et me permettent de poursuivre mes r\u00e9flexions d\u2019une semaine \u00e0 l\u2019autre.<br \/>Ces s\u00e9ances me permettent d\u2019aborder les choses avec un autre regard et de sortir de ma zone de confort. Je suis reconnaissante de pouvoir participer \u00e0 ce programme.<br \/>Sabrina est une belle rencontre qui a su m\u2019accompagner dans mes r\u00e9flexions, qui m\u2019a permise de prendre conscience de mon potentiel et surtout d\u2019apprendre \u00e0 mieux me conna\u00eetre. Elle motive mon envie d\u2019aller plus loin et de poursuivre dans ce cheminement. \u00ab\u00a0<br \/><strong style=\"font-size: 16px;\"><span style=\"color: #ff9900;\"><em style=\"font-size: 16px;\"><span class=\"s1\"><span class=\"s2\">Claire.C.<br \/>Cadre dans une compagnie d\u2019assurances.<\/span><\/span><\/em><\/span><\/strong><\/p>\n<p class=\"p3\"><strong><span style=\"color: #ff9900;\"><em style=\"font-size: 16px;\"><span class=\"s1\"><span class=\"s2\"><\/span><\/span><\/em><\/span><\/strong><\/p>\n<p>[\/et_pb_text][et_pb_text _builder_version=\u00a0\u00bb4.24.2&Prime; text_font=\u00a0\u00bb||||||||\u00a0\u00bb text_font_size=\u00a0\u00bb16px\u00a0\u00bb text_line_height=\u00a0\u00bb1.8em\u00a0\u00bb link_font=\u00a0\u00bb||||||||\u00a0\u00bb ul_font=\u00a0\u00bb||||||||\u00a0\u00bb ol_font=\u00a0\u00bb||||||||\u00a0\u00bb quote_font=\u00a0\u00bb||||||||\u00a0\u00bb header_font=\u00a0\u00bb||||||||\u00a0\u00bb header_2_font=\u00a0\u00bbLato|700|||||||\u00a0\u00bb header_2_font_size=\u00a0\u00bb30px\u00a0\u00bb header_2_letter_spacing=\u00a0\u00bb1px\u00a0\u00bb header_2_line_height=\u00a0\u00bb1.5em\u00a0\u00bb text_orientation=\u00a0\u00bbjustified\u00a0\u00bb width=\u00a0\u00bb100%\u00a0\u00bb animation_style=\u00a0\u00bbslide\u00a0\u00bb animation_direction=\u00a0\u00bbbottom\u00a0\u00bb animation_intensity_slide=\u00a0\u00bb5%\u00a0\u00bb header_2_font_size_tablet=\u00a0\u00bb\u00a0\u00bb header_2_font_size_phone=\u00a0\u00bb22px\u00a0\u00bb header_2_font_size_last_edited=\u00a0\u00bbon|phone\u00a0\u00bb global_colors_info=\u00a0\u00bb{}\u00a0\u00bb]<\/p>\n<p class=\"p1\"><span class=\"s1\"><i><strong><em><img loading=\"lazy\" decoding=\"async\" src=\"https:\/\/lenvisagee.com\/wp-content\/uploads\/2022\/09\/TEMOIGNAGES-LENVISAGEE.png\" width=\"143\" height=\"23\" alt=\"\" class=\"wp-image-355 alignnone size-full\" \/><\/em><\/strong><\/i><\/span><\/p>\n<p class=\"p1\"><span class=\"s1\">\u00a0\u00bb J&rsquo;ai rencontr\u00e9 Sabrina a une p\u00e9riode difficile dans mon projet d&rsquo;entreprenariat. Je l&rsquo;ai d&rsquo;abord rencontr\u00e9 lors de l&rsquo;atelier \u00ab\u00a0Devenir une entrepreneuse heureuse et \u00e9panouie\u00a0\u00bb. Cet atelier a \u00e9t\u00e9 une formidable exp\u00e9rience collective qui m&rsquo;a reboost\u00e9 et d\u00e9culpabilis\u00e9. Je suis ressortie avec des outils concrets qui m&rsquo;ont aid\u00e9. J&rsquo;ai n\u00e9anmoins ressenti le besoin de la rencontrer individuellement pour une probl\u00e9matique qui m&rsquo;\u00e9tait propre. Une s\u00e9ance de coaching sur lequel elle m&rsquo;a permise d&rsquo;y voir plus claire et surtout de mettre en place des actions concr\u00e8tes. Je me suis sentie en confiance, f\u00e9brile parfois car elle a touch\u00e9 des sujets forts qui \u00e9taient n\u00e9cessaires d&rsquo;aborder, qui me freinaient, et je suis ressortie avec une belle bouff\u00e9e d&rsquo;air. Merci Sabrina pour ton \u00e9coute ta bienveillance et surtout ton engagement et \u00e9nergie. \u00bb<br \/><\/span><strong style=\"font-size: 16px;\"><span style=\"color: #ff9900;\"><em style=\"font-size: 16px;\"><span class=\"s1\">Julia W.<br \/>Entrepreneuse \u2013 Consultante en bilan de comp\u00e9tence<\/span><\/em><\/span><\/strong><\/p>\n<p>[\/et_pb_text][et_pb_text _builder_version=\u00a0\u00bb4.24.2&Prime; text_font=\u00a0\u00bb||||||||\u00a0\u00bb text_font_size=\u00a0\u00bb16px\u00a0\u00bb text_line_height=\u00a0\u00bb1.8em\u00a0\u00bb link_font=\u00a0\u00bb||||||||\u00a0\u00bb ul_font=\u00a0\u00bb||||||||\u00a0\u00bb ol_font=\u00a0\u00bb||||||||\u00a0\u00bb quote_font=\u00a0\u00bb||||||||\u00a0\u00bb header_font=\u00a0\u00bb||||||||\u00a0\u00bb header_2_font=\u00a0\u00bbLato|700|||||||\u00a0\u00bb header_2_font_size=\u00a0\u00bb30px\u00a0\u00bb header_2_letter_spacing=\u00a0\u00bb1px\u00a0\u00bb header_2_line_height=\u00a0\u00bb1.5em\u00a0\u00bb text_orientation=\u00a0\u00bbjustified\u00a0\u00bb width=\u00a0\u00bb100%\u00a0\u00bb animation_style=\u00a0\u00bbslide\u00a0\u00bb animation_direction=\u00a0\u00bbbottom\u00a0\u00bb animation_intensity_slide=\u00a0\u00bb5%\u00a0\u00bb header_2_font_size_tablet=\u00a0\u00bb\u00a0\u00bb header_2_font_size_phone=\u00a0\u00bb22px\u00a0\u00bb header_2_font_size_last_edited=\u00a0\u00bbon|phone\u00a0\u00bb global_colors_info=\u00a0\u00bb{}\u00a0\u00bb]<\/p>\n<p class=\"p1\"><span class=\"s1\"><i><strong><em><img loading=\"lazy\" decoding=\"async\" src=\"https:\/\/lenvisagee.com\/wp-content\/uploads\/2022\/09\/TEMOIGNAGES-LENVISAGEE.png\" width=\"143\" height=\"23\" alt=\"\" class=\"wp-image-355 alignnone size-full\" \/><\/em><\/strong><\/i><\/span><\/p>\n<p class=\"p1\" style=\"text-align: justify;\">\u00a0\u00bb Tr\u00e8s bonne professionnelle je recommande vivement. J&rsquo;adore sa bienveillance et sa justesse ! \u00ab\u00a0<br \/><strong><span style=\"color: #ff9900;\"><em style=\"font-size: 16px;\"><span class=\"s1\"><span class=\"s2\">Caroline R.C<br \/>Entrepreneuse \u2013 Consultante en ing\u00e9nierie sociale de l\u2019habitat<\/span><\/span><\/em><\/span><\/strong><\/p>\n<p class=\"p3\"><strong><span style=\"color: #ff9900;\"><em style=\"font-size: 16px;\"><span class=\"s1\"><span class=\"s2\"><\/span><\/span><\/em><\/span><\/strong><\/p>\n<p>[\/et_pb_text][\/et_pb_column][et_pb_column type=\u00a0\u00bb1_2&Prime; _builder_version=\u00a0\u00bb4.24.2&Prime; _module_preset=\u00a0\u00bbdefault\u00a0\u00bb global_colors_info=\u00a0\u00bb{}\u00a0\u00bb][et_pb_text _builder_version=\u00a0\u00bb4.24.2&Prime; text_font=\u00a0\u00bb||||||||\u00a0\u00bb text_font_size=\u00a0\u00bb16px\u00a0\u00bb text_line_height=\u00a0\u00bb1.8em\u00a0\u00bb link_font=\u00a0\u00bb||||||||\u00a0\u00bb ul_font=\u00a0\u00bb||||||||\u00a0\u00bb ol_font=\u00a0\u00bb||||||||\u00a0\u00bb quote_font=\u00a0\u00bb||||||||\u00a0\u00bb header_font=\u00a0\u00bb||||||||\u00a0\u00bb header_2_font=\u00a0\u00bbLato|700|||||||\u00a0\u00bb header_2_font_size=\u00a0\u00bb30px\u00a0\u00bb header_2_letter_spacing=\u00a0\u00bb1px\u00a0\u00bb header_2_line_height=\u00a0\u00bb1.5em\u00a0\u00bb text_orientation=\u00a0\u00bbjustified\u00a0\u00bb width=\u00a0\u00bb100%\u00a0\u00bb animation_style=\u00a0\u00bbslide\u00a0\u00bb animation_direction=\u00a0\u00bbbottom\u00a0\u00bb animation_intensity_slide=\u00a0\u00bb5%\u00a0\u00bb header_2_font_size_tablet=\u00a0\u00bb\u00a0\u00bb header_2_font_size_phone=\u00a0\u00bb22px\u00a0\u00bb header_2_font_size_last_edited=\u00a0\u00bbon|phone\u00a0\u00bb global_colors_info=\u00a0\u00bb{}\u00a0\u00bb]<\/p>\n<p class=\"p1\"><span class=\"s1\"><i><strong><em><img loading=\"lazy\" decoding=\"async\" src=\"https:\/\/lenvisagee.com\/wp-content\/uploads\/2022\/09\/TEMOIGNAGES-LENVISAGEE.png\" width=\"143\" height=\"23\" alt=\"\" class=\"wp-image-355 alignnone size-full\" \/><\/em><\/strong><\/i><\/span><\/p>\n<p class=\"p1\">\u00a0\u00bb J&rsquo;ai suivi un coaching avec Sabrina qui m&rsquo;a permis de trouver ma voie. Son accompagnement est dans la bienveillance et la s\u00e9r\u00e9nit\u00e9, \u00e9loignant les peurs. Une confiance s&rsquo;installe d\u00e8s le d\u00e9but. Je me lance maintenant dans un beau projet, merci Sabrina ! \u00ab\u00a0<br \/><strong><span style=\"color: #ff9900;\"><em style=\"font-size: 16px;\"><span class=\"s1\"><span class=\"s2\">Muriel C.<br \/>Cadre dans le secteur priv\u00e9e<\/span><\/span><\/em><\/span><\/strong><\/p>\n<p class=\"p3\"><strong><span style=\"color: #ff9900;\"><em style=\"font-size: 16px;\"><span class=\"s1\"><span class=\"s2\"><\/span><\/span><\/em><\/span><\/strong><\/p>\n<p>[\/et_pb_text][et_pb_text _builder_version=\u00a0\u00bb4.24.2&Prime; text_font=\u00a0\u00bb||||||||\u00a0\u00bb text_font_size=\u00a0\u00bb16px\u00a0\u00bb text_line_height=\u00a0\u00bb1.8em\u00a0\u00bb link_font=\u00a0\u00bb||||||||\u00a0\u00bb ul_font=\u00a0\u00bb||||||||\u00a0\u00bb ol_font=\u00a0\u00bb||||||||\u00a0\u00bb quote_font=\u00a0\u00bb||||||||\u00a0\u00bb header_font=\u00a0\u00bb||||||||\u00a0\u00bb header_2_font=\u00a0\u00bbLato|700|||||||\u00a0\u00bb header_2_font_size=\u00a0\u00bb30px\u00a0\u00bb header_2_letter_spacing=\u00a0\u00bb1px\u00a0\u00bb header_2_line_height=\u00a0\u00bb1.5em\u00a0\u00bb text_orientation=\u00a0\u00bbjustified\u00a0\u00bb width=\u00a0\u00bb100%\u00a0\u00bb animation_style=\u00a0\u00bbslide\u00a0\u00bb animation_direction=\u00a0\u00bbbottom\u00a0\u00bb animation_intensity_slide=\u00a0\u00bb5%\u00a0\u00bb header_2_font_size_tablet=\u00a0\u00bb\u00a0\u00bb header_2_font_size_phone=\u00a0\u00bb22px\u00a0\u00bb header_2_font_size_last_edited=\u00a0\u00bbon|phone\u00a0\u00bb global_colors_info=\u00a0\u00bb{}\u00a0\u00bb]<\/p>\n<p class=\"p1\"><span class=\"s1\"><i><strong><em><img loading=\"lazy\" decoding=\"async\" src=\"https:\/\/lenvisagee.com\/wp-content\/uploads\/2022\/09\/TEMOIGNAGES-LENVISAGEE.png\" width=\"143\" height=\"23\" alt=\"\" class=\"wp-image-355 alignnone size-full\" \/><\/em><\/strong><\/i><\/span><\/p>\n<p class=\"p1\" style=\"text-align: justify;\">\u00a0\u00bb Deux belles exp\u00e9riences aupr\u00e8s de Sabrina. La premi\u00e8re lors de l&rsquo;atelier \u00ab\u00a0Devenir une entrepreneuse heureuse et \u00e9panouie\u00a0\u00bb, qui m&rsquo;a apport\u00e9 pleins de beaux outils pour g\u00e9rer au mieux le stress que nous pouvons avoir au quotidien. La seconde lors d&rsquo;un coaching individuel, o\u00f9 Sabrina a su pr\u00e9cis\u00e9ment comprendre ma probl\u00e9matique et me faire travailler dessus avec des questions claires et pr\u00e9cises et avec toute sa douceur, son \u00e9nergie et sa bienveillance. Merci pour tout Sabrina ! \u00ab\u00a0<br \/><strong><span style=\"color: #ff9900;\"><em style=\"font-size: 16px;\"><span class=\"s1\"><span class=\"s2\">H\u00e9l\u00e8na B.<br \/>Entrepreneuse \u2013 Photographe<\/span><\/span><\/em><\/span><\/strong><strong><span style=\"color: #ff9900;\"><em style=\"font-size: 16px;\"><span class=\"s1\"><span class=\"s2\"><\/span><\/span><\/em><\/span><\/strong><\/p>\n<p>[\/et_pb_text][et_pb_text _builder_version=\u00a0\u00bb4.24.2&Prime; text_font=\u00a0\u00bb||||||||\u00a0\u00bb text_font_size=\u00a0\u00bb16px\u00a0\u00bb text_line_height=\u00a0\u00bb1.8em\u00a0\u00bb link_font=\u00a0\u00bb||||||||\u00a0\u00bb ul_font=\u00a0\u00bb||||||||\u00a0\u00bb ol_font=\u00a0\u00bb||||||||\u00a0\u00bb quote_font=\u00a0\u00bb||||||||\u00a0\u00bb header_font=\u00a0\u00bb||||||||\u00a0\u00bb header_2_font=\u00a0\u00bbLato|700|||||||\u00a0\u00bb header_2_font_size=\u00a0\u00bb30px\u00a0\u00bb header_2_letter_spacing=\u00a0\u00bb1px\u00a0\u00bb header_2_line_height=\u00a0\u00bb1.5em\u00a0\u00bb text_orientation=\u00a0\u00bbjustified\u00a0\u00bb width=\u00a0\u00bb100%\u00a0\u00bb animation_style=\u00a0\u00bbslide\u00a0\u00bb animation_direction=\u00a0\u00bbbottom\u00a0\u00bb animation_intensity_slide=\u00a0\u00bb5%\u00a0\u00bb header_2_font_size_tablet=\u00a0\u00bb\u00a0\u00bb header_2_font_size_phone=\u00a0\u00bb22px\u00a0\u00bb header_2_font_size_last_edited=\u00a0\u00bbon|phone\u00a0\u00bb global_colors_info=\u00a0\u00bb{}\u00a0\u00bb]<\/p>\n<p class=\"p1\"><span class=\"s1\"><i><strong><em><img loading=\"lazy\" decoding=\"async\" src=\"https:\/\/lenvisagee.com\/wp-content\/uploads\/2022\/09\/TEMOIGNAGES-LENVISAGEE.png\" width=\"143\" height=\"23\" alt=\"\" class=\"wp-image-355 alignnone size-full\" \/><\/em><\/strong><\/i><\/span><\/p>\n<p class=\"p1\" style=\"text-align: justify;\">\u00a0\u00bb J&rsquo;ai eu l&rsquo;occasion de faire une s\u00e9ance de coaching avec Sabrina. \u00c9coute, professionnalisme et bienveillance au rendez-vous. Merci pour ce moment. \u00ab\u00a0<br \/><strong><span style=\"color: #ff9900;\"><em style=\"font-size: 16px;\"><span class=\"s1\"><span class=\"s2\">Eden P.<br \/>Directrice &#8211; Studio de remise en forme<\/span><\/span><\/em><\/span><\/strong><\/p>\n<p>[\/et_pb_text][et_pb_text _builder_version=\u00a0\u00bb4.24.2&Prime; text_font=\u00a0\u00bb||||||||\u00a0\u00bb text_font_size=\u00a0\u00bb16px\u00a0\u00bb text_line_height=\u00a0\u00bb1.8em\u00a0\u00bb link_font=\u00a0\u00bb||||||||\u00a0\u00bb ul_font=\u00a0\u00bb||||||||\u00a0\u00bb ol_font=\u00a0\u00bb||||||||\u00a0\u00bb quote_font=\u00a0\u00bb||||||||\u00a0\u00bb header_font=\u00a0\u00bb||||||||\u00a0\u00bb header_2_font=\u00a0\u00bbLato|700|||||||\u00a0\u00bb header_2_font_size=\u00a0\u00bb30px\u00a0\u00bb header_2_letter_spacing=\u00a0\u00bb1px\u00a0\u00bb header_2_line_height=\u00a0\u00bb1.5em\u00a0\u00bb text_orientation=\u00a0\u00bbjustified\u00a0\u00bb width=\u00a0\u00bb100%\u00a0\u00bb animation_style=\u00a0\u00bbslide\u00a0\u00bb animation_direction=\u00a0\u00bbbottom\u00a0\u00bb animation_intensity_slide=\u00a0\u00bb5%\u00a0\u00bb header_2_font_size_tablet=\u00a0\u00bb\u00a0\u00bb header_2_font_size_phone=\u00a0\u00bb22px\u00a0\u00bb header_2_font_size_last_edited=\u00a0\u00bbon|phone\u00a0\u00bb global_colors_info=\u00a0\u00bb{}\u00a0\u00bb]<\/p>\n<p class=\"p1\"><span class=\"s1\"><i><strong><em><img loading=\"lazy\" decoding=\"async\" src=\"https:\/\/lenvisagee.com\/wp-content\/uploads\/2022\/09\/TEMOIGNAGES-LENVISAGEE.png\" width=\"143\" height=\"23\" alt=\"\" class=\"wp-image-355 alignnone size-full\" \/><\/em><\/strong><\/i><\/span><\/p>\n<p class=\"p1\" style=\"text-align: justify;\">\u00a0\u00bb Comment passer d&rsquo;une vie personnelle et professionnelle entour\u00e9e de brouillard, d&rsquo;incertitudes et de doutes \u00e0 un environnement serein, paisible, enthousiasmant et ambitieux ?<br \/>En laissant Sabrina vous guider et vous apporter la clairvoyance par des m\u00e9thodes puissantes et bienveillantes. Une coach \u00e9patante, magicienne et p\u00e9tillante.<br \/>Les s\u00e9ances effectu\u00e9es avec Sabrina m&rsquo;ont transform\u00e9 : le gris qui entourait ma vie personnelle et professionnelle est devenu rose et p\u00e9tillant. D&rsquo;une s\u00e9ance \u00e0 l&rsquo;autre, je me suis vu grandir avec une \u00e2me fra\u00eeche et l\u00e9g\u00e8re. Elle m&rsquo;a donn\u00e9 les codes pragmatiques et faciles mais \u00f4 combien efficaces pour m&rsquo;\u00e9lancer dans une nouvelle vie sans pi\u00e9tiner la pr\u00e9c\u00e9dente et tout en<br \/>me respectant et me d\u00e9couvrant chaque jour. \u00ab\u00a0<br \/><strong><span style=\"color: #ff9900;\"><em style=\"font-size: 16px;\"><span class=\"s1\"><span class=\"s2\">Jean-Pierre D.<br \/>Directeur dans la fonction publique<\/span><\/span><\/em><\/span><\/strong><\/p>\n<p>[\/et_pb_text][et_pb_text _builder_version=\u00a0\u00bb4.24.2&Prime; text_font=\u00a0\u00bb||||||||\u00a0\u00bb text_font_size=\u00a0\u00bb16px\u00a0\u00bb text_line_height=\u00a0\u00bb1.8em\u00a0\u00bb link_font=\u00a0\u00bb||||||||\u00a0\u00bb ul_font=\u00a0\u00bb||||||||\u00a0\u00bb ol_font=\u00a0\u00bb||||||||\u00a0\u00bb quote_font=\u00a0\u00bb||||||||\u00a0\u00bb header_font=\u00a0\u00bb||||||||\u00a0\u00bb header_2_font=\u00a0\u00bbLato|700|||||||\u00a0\u00bb header_2_font_size=\u00a0\u00bb30px\u00a0\u00bb header_2_letter_spacing=\u00a0\u00bb1px\u00a0\u00bb header_2_line_height=\u00a0\u00bb1.5em\u00a0\u00bb text_orientation=\u00a0\u00bbjustified\u00a0\u00bb width=\u00a0\u00bb100%\u00a0\u00bb animation_style=\u00a0\u00bbslide\u00a0\u00bb animation_direction=\u00a0\u00bbbottom\u00a0\u00bb animation_intensity_slide=\u00a0\u00bb5%\u00a0\u00bb header_2_font_size_tablet=\u00a0\u00bb\u00a0\u00bb header_2_font_size_phone=\u00a0\u00bb22px\u00a0\u00bb header_2_font_size_last_edited=\u00a0\u00bbon|phone\u00a0\u00bb global_colors_info=\u00a0\u00bb{}\u00a0\u00bb]<\/p>\n<p class=\"p1\"><span class=\"s1\"><i><strong><em><img loading=\"lazy\" decoding=\"async\" src=\"https:\/\/lenvisagee.com\/wp-content\/uploads\/2022\/09\/TEMOIGNAGES-LENVISAGEE.png\" width=\"143\" height=\"23\" alt=\"\" class=\"wp-image-355 alignnone size-full\" \/><\/em><\/strong><\/i><\/span><\/p>\n<p class=\"p1\" style=\"text-align: justify;\">\u00a0\u00bb J\u2019ai appr\u00e9ci\u00e9 l\u2019approche de Sabrina qui m\u2019a permis de comprendre le raisonnement et de mettre en pratique les \u00e9l\u00e9ments abord\u00e9s lors du coaching. Je me suis rendu compte moi-m\u00eame de mon \u00e9volution ce qui a \u00e9t\u00e9 tr\u00e8s motivant. Encore merci Sabrina ! \u00ab\u00a0<br \/><strong><span style=\"color: #ff9900;\"><em style=\"font-size: 16px;\"><span class=\"s1\"><span class=\"s2\">Myriam G.<br \/>Cadre dans le service \u00e0 la personne.<\/span><\/span><\/em><\/span><\/strong><\/p>\n<p>[\/et_pb_text][et_pb_text _builder_version=\u00a0\u00bb4.24.2&Prime; text_font=\u00a0\u00bb||||||||\u00a0\u00bb text_font_size=\u00a0\u00bb16px\u00a0\u00bb text_line_height=\u00a0\u00bb1.8em\u00a0\u00bb link_font=\u00a0\u00bb||||||||\u00a0\u00bb ul_font=\u00a0\u00bb||||||||\u00a0\u00bb ol_font=\u00a0\u00bb||||||||\u00a0\u00bb quote_font=\u00a0\u00bb||||||||\u00a0\u00bb header_font=\u00a0\u00bb||||||||\u00a0\u00bb header_2_font=\u00a0\u00bbLato|700|||||||\u00a0\u00bb header_2_font_size=\u00a0\u00bb30px\u00a0\u00bb header_2_letter_spacing=\u00a0\u00bb1px\u00a0\u00bb header_2_line_height=\u00a0\u00bb1.5em\u00a0\u00bb text_orientation=\u00a0\u00bbjustified\u00a0\u00bb width=\u00a0\u00bb100%\u00a0\u00bb animation_style=\u00a0\u00bbslide\u00a0\u00bb animation_direction=\u00a0\u00bbbottom\u00a0\u00bb animation_intensity_slide=\u00a0\u00bb5%\u00a0\u00bb header_2_font_size_tablet=\u00a0\u00bb\u00a0\u00bb header_2_font_size_phone=\u00a0\u00bb22px\u00a0\u00bb header_2_font_size_last_edited=\u00a0\u00bbon|phone\u00a0\u00bb global_colors_info=\u00a0\u00bb{}\u00a0\u00bb]<\/p>\n<p class=\"p1\"><span class=\"s1\"><i><strong><em><img loading=\"lazy\" decoding=\"async\" src=\"https:\/\/lenvisagee.com\/wp-content\/uploads\/2022\/09\/TEMOIGNAGES-LENVISAGEE.png\" width=\"143\" height=\"23\" alt=\"\" class=\"wp-image-355 alignnone size-full\" \/><\/em><\/strong><\/i><\/span><\/p>\n<p class=\"p1\" style=\"text-align: justify;\">\u00a0\u00bb Merci Sabrina pour ton accompagnement plein de d\u00e9licatesse et de l\u00e9g\u00e8ret\u00e9 sur des sujets difficiles. De belles d\u00e9couvertes sur moi-m\u00eame et de belles avanc\u00e9es gr\u00e2ce \u00e0 un soutien toujours tr\u00e8s positif.\u00a0\u00bb<\/p>\n<p class=\"p1\" style=\"text-align: justify;\"><strong><span style=\"color: #ff9900;\"><em style=\"font-size: 16px;\"><span class=\"s1\"><span class=\"s2\">Val\u00e9rie F<br \/>Directrice dans l\u2019innovation \u00e9coresponsable.<\/span><\/span><\/em><\/span><\/strong><\/p>\n<p>[\/et_pb_text][et_pb_text _builder_version=\u00a0\u00bb4.24.2&Prime; text_font=\u00a0\u00bb||||||||\u00a0\u00bb text_font_size=\u00a0\u00bb16px\u00a0\u00bb text_line_height=\u00a0\u00bb1.8em\u00a0\u00bb link_font=\u00a0\u00bb||||||||\u00a0\u00bb ul_font=\u00a0\u00bb||||||||\u00a0\u00bb ol_font=\u00a0\u00bb||||||||\u00a0\u00bb quote_font=\u00a0\u00bb||||||||\u00a0\u00bb header_font=\u00a0\u00bb||||||||\u00a0\u00bb header_2_font=\u00a0\u00bbLato|700|||||||\u00a0\u00bb header_2_font_size=\u00a0\u00bb30px\u00a0\u00bb header_2_letter_spacing=\u00a0\u00bb1px\u00a0\u00bb header_2_line_height=\u00a0\u00bb1.5em\u00a0\u00bb text_orientation=\u00a0\u00bbjustified\u00a0\u00bb width=\u00a0\u00bb100%\u00a0\u00bb animation_style=\u00a0\u00bbslide\u00a0\u00bb animation_direction=\u00a0\u00bbbottom\u00a0\u00bb animation_intensity_slide=\u00a0\u00bb5%\u00a0\u00bb header_2_font_size_tablet=\u00a0\u00bb\u00a0\u00bb header_2_font_size_phone=\u00a0\u00bb22px\u00a0\u00bb header_2_font_size_last_edited=\u00a0\u00bbon|phone\u00a0\u00bb global_colors_info=\u00a0\u00bb{}\u00a0\u00bb]<\/p>\n<p class=\"p1\"><span class=\"s1\"><i><strong><em><img loading=\"lazy\" decoding=\"async\" src=\"https:\/\/lenvisagee.com\/wp-content\/uploads\/2022\/09\/TEMOIGNAGES-LENVISAGEE.png\" width=\"143\" height=\"23\" alt=\"\" class=\"wp-image-355 alignnone size-full\" \/><\/em><\/strong><\/i><\/span><\/p>\n<p class=\"p1\" style=\"text-align: justify;\">\u00a0\u00bb J ai eu l\u2019occasion de rencontrer Sabrina, apr\u00e8s quelques s\u00e9ances, un bien \u00eatre et une remise en question de soi m&rsquo;a redonn\u00e9 confiance. \u00ab\u00a0<br \/><strong><span style=\"color: #ff9900;\"><em style=\"font-size: 16px;\"><span class=\"s1\"><span class=\"s2\">R\u00e9gine V<br \/>Couturi\u00e8re<\/span><\/span><\/em><\/span><\/strong><\/p>\n<p>[\/et_pb_text][et_pb_text _builder_version=\u00a0\u00bb4.24.2&Prime; text_font=\u00a0\u00bb||||||||\u00a0\u00bb text_font_size=\u00a0\u00bb16px\u00a0\u00bb text_line_height=\u00a0\u00bb1.8em\u00a0\u00bb link_font=\u00a0\u00bb||||||||\u00a0\u00bb ul_font=\u00a0\u00bb||||||||\u00a0\u00bb ol_font=\u00a0\u00bb||||||||\u00a0\u00bb quote_font=\u00a0\u00bb||||||||\u00a0\u00bb header_font=\u00a0\u00bb||||||||\u00a0\u00bb header_2_font=\u00a0\u00bbLato|700|||||||\u00a0\u00bb header_2_font_size=\u00a0\u00bb30px\u00a0\u00bb header_2_letter_spacing=\u00a0\u00bb1px\u00a0\u00bb header_2_line_height=\u00a0\u00bb1.5em\u00a0\u00bb text_orientation=\u00a0\u00bbjustified\u00a0\u00bb width=\u00a0\u00bb100%\u00a0\u00bb animation_style=\u00a0\u00bbslide\u00a0\u00bb animation_direction=\u00a0\u00bbbottom\u00a0\u00bb animation_intensity_slide=\u00a0\u00bb5%\u00a0\u00bb header_2_font_size_tablet=\u00a0\u00bb\u00a0\u00bb header_2_font_size_phone=\u00a0\u00bb22px\u00a0\u00bb header_2_font_size_last_edited=\u00a0\u00bbon|phone\u00a0\u00bb global_colors_info=\u00a0\u00bb{}\u00a0\u00bb]<\/p>\n<p class=\"p1\"><span class=\"s1\"><i><strong><em><img loading=\"lazy\" decoding=\"async\" src=\"https:\/\/lenvisagee.com\/wp-content\/uploads\/2022\/09\/TEMOIGNAGES-LENVISAGEE.png\" width=\"143\" height=\"23\" alt=\"\" class=\"wp-image-355 alignnone size-full\" \/><\/em><\/strong><\/i><\/span><\/p>\n<p class=\"p1\" style=\"text-align: justify;\">\u00a0\u00bb J&rsquo;ai eu la chance de faire plusieurs s\u00e9ances avec Sabrina et cela m&rsquo;a fait beaucoup de bien. J&rsquo;ai retrouv\u00e9 s\u00e9r\u00e9nit\u00e9 et paix int\u00e9rieur.<br \/>Sabrina est une personne de confiance, douce et tr\u00e8s \u00e0 l&rsquo;\u00e9coute. Je recommande vivement ! \u00ab\u00a0<br \/><strong><span style=\"color: #ff9900;\"><em style=\"font-size: 16px;\"><span class=\"s1\"><span class=\"s2\">Justine V<br \/>G\u00e9rante &#8211; Salon de coiffure et d\u2019esth\u00e9tique<\/span><\/span><\/em><\/span><\/strong><\/p>\n<p>[\/et_pb_text][\/et_pb_column][\/et_pb_row][\/et_pb_section][et_pb_section fb_built=\u00a0\u00bb1&Prime; admin_label=\u00a0\u00bbCTA\u00a0\u00bb _builder_version=\u00a0\u00bb4.16&Prime; background_color=\u00a0\u00bb#ffbe6b\u00a0\u00bb use_background_color_gradient=\u00a0\u00bbon\u00a0\u00bb background_color_gradient_stops=\u00a0\u00bb#ffbe6b 0%|rgba(255,208,136,0.84) 70%\u00a0\u00bb background_color_gradient_overlays_image=\u00a0\u00bbon\u00a0\u00bb background_color_gradient_start=\u00a0\u00bb#ffbe6b\u00a0\u00bb background_color_gradient_end=\u00a0\u00bbrgba(255,208,136,0.84)\u00a0\u00bb background_color_gradient_end_position=\u00a0\u00bb70%\u00a0\u00bb background_image=\u00a0\u00bbhttps:\/\/bienveillance-en-abondance.com\/wp-content\/uploads\/2022\/09\/life-coach-03-1.jpg\u00a0\u00bb custom_margin=\u00a0\u00bb|||\u00a0\u00bb custom_padding=\u00a0\u00bb26px||0px||false|\u00a0\u00bb global_colors_info=\u00a0\u00bb{}\u00a0\u00bb][et_pb_row column_structure=\u00a0\u00bb1_2,1_2&Prime; use_custom_gutter=\u00a0\u00bbon\u00a0\u00bb gutter_width=\u00a0\u00bb1&Prime; make_equal=\u00a0\u00bbon\u00a0\u00bb padding_top_bottom_link_1=\u00a0\u00bbfalse\u00a0\u00bb padding_top_bottom_link_2=\u00a0\u00bbfalse\u00a0\u00bb padding_left_right_link_1=\u00a0\u00bbtrue\u00a0\u00bb padding_left_right_link_2=\u00a0\u00bbtrue\u00a0\u00bb module_class=\u00a0\u00bb et_pb_row_fullwidth\u00a0\u00bb _builder_version=\u00a0\u00bb4.16&Prime; width=\u00a0\u00bb100%\u00a0\u00bb width_tablet=\u00a0\u00bb100%\u00a0\u00bb width_phone=\u00a0\u00bb100%\u00a0\u00bb width_last_edited=\u00a0\u00bbon|desktop\u00a0\u00bb max_width=\u00a0\u00bb100%\u00a0\u00bb max_width_tablet=\u00a0\u00bb100%\u00a0\u00bb max_width_phone=\u00a0\u00bb100%\u00a0\u00bb max_width_last_edited=\u00a0\u00bbon|desktop\u00a0\u00bb custom_padding=\u00a0\u00bb0px|0|0px|0|true|false\u00a0\u00bb make_fullwidth=\u00a0\u00bbon\u00a0\u00bb global_colors_info=\u00a0\u00bb{}\u00a0\u00bb][et_pb_column type=\u00a0\u00bb1_2&Prime; _builder_version=\u00a0\u00bb4.16&Prime; use_background_color_gradient=\u00a0\u00bbon\u00a0\u00bb background_color_gradient_stops=\u00a0\u00bbrgba(255,255,255,0) 0%|rgba(255,255,255,0.18) 100%\u00a0\u00bb background_color_gradient_start=\u00a0\u00bbrgba(255,255,255,0)\u00a0\u00bb background_color_gradient_end=\u00a0\u00bbrgba(255,255,255,0.18)\u00a0\u00bb custom_padding=\u00a0\u00bb5%|6%|10%|6%\u00a0\u00bb custom_padding_tablet=\u00a0\u00bb5%|6%|10%|6%\u00a0\u00bb custom_padding_phone=\u00a0\u00bb5%|6%|10%|6%\u00a0\u00bb custom_padding_last_edited=\u00a0\u00bbon|desktop\u00a0\u00bb global_colors_info=\u00a0\u00bb{}\u00a0\u00bb padding_last_edited=\u00a0\u00bbon|desktop\u00a0\u00bb custom_padding__hover=\u00a0\u00bb|||\u00a0\u00bb][et_pb_text admin_label=\u00a0\u00bbTitle\u00a0\u00bb _builder_version=\u00a0\u00bb4.24.2&Prime; text_font=\u00a0\u00bbLato||||||||\u00a0\u00bb text_font_size=\u00a0\u00bb18px\u00a0\u00bb text_line_height=\u00a0\u00bb1.8em\u00a0\u00bb link_font=\u00a0\u00bb||||||||\u00a0\u00bb ul_font=\u00a0\u00bb||||||||\u00a0\u00bb ol_font=\u00a0\u00bb||||||||\u00a0\u00bb quote_font=\u00a0\u00bb||||||||\u00a0\u00bb header_font=\u00a0\u00bb||||||||\u00a0\u00bb header_2_font=\u00a0\u00bbLato|700|||||||\u00a0\u00bb header_2_font_size=\u00a0\u00bb40px\u00a0\u00bb header_2_letter_spacing=\u00a0\u00bb2px\u00a0\u00bb header_2_line_height=\u00a0\u00bb1.5em\u00a0\u00bb header_3_font=\u00a0\u00bbAbel||||||||\u00a0\u00bb header_4_font=\u00a0\u00bb||||||||\u00a0\u00bb header_5_font=\u00a0\u00bb||||||||\u00a0\u00bb header_6_font=\u00a0\u00bbLato|700|||||||\u00a0\u00bb header_6_font_size=\u00a0\u00bb18px\u00a0\u00bb header_6_letter_spacing=\u00a0\u00bb1px\u00a0\u00bb header_6_line_height=\u00a0\u00bb1.8em\u00a0\u00bb text_orientation=\u00a0\u00bbright\u00a0\u00bb background_layout=\u00a0\u00bbdark\u00a0\u00bb max_width=\u00a0\u00bb600px\u00a0\u00bb module_alignment=\u00a0\u00bbright\u00a0\u00bb animation_style=\u00a0\u00bbslide\u00a0\u00bb animation_direction=\u00a0\u00bbbottom\u00a0\u00bb animation_intensity_slide=\u00a0\u00bb5%\u00a0\u00bb header_2_font_size_tablet=\u00a0\u00bb\u00a0\u00bb header_2_font_size_phone=\u00a0\u00bb22px\u00a0\u00bb header_2_font_size_last_edited=\u00a0\u00bbon|phone\u00a0\u00bb global_colors_info=\u00a0\u00bb{}\u00a0\u00bb]<\/p>\n<h1>VOTRE CADEAU :<\/h1>\n<h1>SAISISSEZ L&rsquo;OPPORTUNIT\u00c9 !<\/h1>\n<h2>Je vous offre un appel<span><br \/><\/span><span>GRATUIT<\/span><span>\u00a0<\/span>de 30 minutes avec moi.<\/h2>\n<h1><span style=\"font-weight: 400;\">Cet appel va vous permettre de commencer \u00e0 clarifier vos objectifs.<\/span><\/h1>\n<p>[\/et_pb_text][\/et_pb_column][et_pb_column type=\u00a0\u00bb1_2&Prime; _builder_version=\u00a0\u00bb4.16&Prime; custom_padding=\u00a0\u00bb5%|6%|10%|6%\u00a0\u00bb custom_padding_tablet=\u00a0\u00bb||150px|\u00a0\u00bb custom_padding_phone=\u00a0\u00bb||150px|\u00a0\u00bb custom_padding_last_edited=\u00a0\u00bbon|desktop\u00a0\u00bb global_colors_info=\u00a0\u00bb{}\u00a0\u00bb padding_tablet=\u00a0\u00bb||150px|\u00a0\u00bb padding_last_edited=\u00a0\u00bbon|desktop\u00a0\u00bb custom_padding__hover=\u00a0\u00bb|||\u00a0\u00bb padding_phone=\u00a0\u00bb||150px|\u00a0\u00bb][et_pb_contact_form use_spam_service=\u00a0\u00bbon\u00a0\u00bb recaptcha_list=\u00a0\u00bbsite bienveillance en abondance-0&Prime; email=\u00a0\u00bbcontact@bienveillance-en-abondance.com\u00a0\u00bb submit_button_text=\u00a0\u00bbENVOYER LE MESSAGE\u00a0\u00bb module_id=\u00a0\u00bbet_pb_contact_form_0&Prime; _builder_version=\u00a0\u00bb4.23.1&Prime; _module_preset=\u00a0\u00bbdefault\u00a0\u00bb form_field_background_color=\u00a0\u00bb#ffffff\u00a0\u00bb title_font=\u00a0\u00bb||||||||\u00a0\u00bb form_field_font=\u00a0\u00bbLato||||||||\u00a0\u00bb form_field_font_size=\u00a0\u00bb16px\u00a0\u00bb custom_button=\u00a0\u00bbon\u00a0\u00bb button_text_size=\u00a0\u00bb14px\u00a0\u00bb button_text_color=\u00a0\u00bb#ffffff\u00a0\u00bb button_bg_color=\u00a0\u00bb#ffb356&Prime; button_border_width=\u00a0\u00bb12px\u00a0\u00bb button_border_color=\u00a0\u00bb#ffb356&Prime; button_border_radius=\u00a0\u00bb50px\u00a0\u00bb button_letter_spacing=\u00a0\u00bb2px\u00a0\u00bb button_font=\u00a0\u00bbLato|900||on|||||\u00a0\u00bb button_icon=\u00a0\u00bb&#x24;||divi||400&Prime; max_width=\u00a0\u00bb700px\u00a0\u00bb module_alignment=\u00a0\u00bbcenter\u00a0\u00bb custom_padding=\u00a0\u00bb||31px|||\u00a0\u00bb animation_style=\u00a0\u00bbslide\u00a0\u00bb animation_direction=\u00a0\u00bbbottom\u00a0\u00bb animation_intensity_slide=\u00a0\u00bb5%\u00a0\u00bb border_radii=\u00a0\u00bbon|3px|3px|3px|3px\u00a0\u00bb form_background_color=\u00a0\u00bb#ffffff\u00a0\u00bb global_colors_info=\u00a0\u00bb{}\u00a0\u00bb][et_pb_contact_field field_id=\u00a0\u00bbEmail\u00a0\u00bb field_title=\u00a0\u00bbAdresse Email\u00a0\u00bb field_type=\u00a0\u00bbemail\u00a0\u00bb fullwidth_field=\u00a0\u00bbon\u00a0\u00bb _builder_version=\u00a0\u00bb4.17.4&Prime; _module_preset=\u00a0\u00bbdefault\u00a0\u00bb global_colors_info=\u00a0\u00bb{}\u00a0\u00bb button_text_size__hover_enabled=\u00a0\u00bboff\u00a0\u00bb button_one_text_size__hover_enabled=\u00a0\u00bboff\u00a0\u00bb button_two_text_size__hover_enabled=\u00a0\u00bboff\u00a0\u00bb button_text_color__hover_enabled=\u00a0\u00bboff\u00a0\u00bb button_one_text_color__hover_enabled=\u00a0\u00bboff\u00a0\u00bb button_two_text_color__hover_enabled=\u00a0\u00bboff\u00a0\u00bb button_border_width__hover_enabled=\u00a0\u00bboff\u00a0\u00bb button_one_border_width__hover_enabled=\u00a0\u00bboff\u00a0\u00bb button_two_border_width__hover_enabled=\u00a0\u00bboff\u00a0\u00bb button_border_color__hover_enabled=\u00a0\u00bboff\u00a0\u00bb button_one_border_color__hover_enabled=\u00a0\u00bboff\u00a0\u00bb button_two_border_color__hover_enabled=\u00a0\u00bboff\u00a0\u00bb button_border_radius__hover_enabled=\u00a0\u00bboff\u00a0\u00bb button_one_border_radius__hover_enabled=\u00a0\u00bboff\u00a0\u00bb button_two_border_radius__hover_enabled=\u00a0\u00bboff\u00a0\u00bb button_letter_spacing__hover_enabled=\u00a0\u00bboff\u00a0\u00bb button_one_letter_spacing__hover_enabled=\u00a0\u00bboff\u00a0\u00bb button_two_letter_spacing__hover_enabled=\u00a0\u00bboff\u00a0\u00bb button_bg_color__hover_enabled=\u00a0\u00bboff\u00a0\u00bb button_one_bg_color__hover_enabled=\u00a0\u00bboff\u00a0\u00bb button_two_bg_color__hover_enabled=\u00a0\u00bboff\u00a0\u00bb][\/et_pb_contact_field][et_pb_contact_field field_id=\u00a0\u00bbNom_et_pr\u00e9nom\u00a0\u00bb field_title=\u00a0\u00bbNom et pr\u00e9nom\u00a0\u00bb _builder_version=\u00a0\u00bb4.17.4&Prime; _module_preset=\u00a0\u00bbdefault\u00a0\u00bb global_colors_info=\u00a0\u00bb{}\u00a0\u00bb button_text_size__hover_enabled=\u00a0\u00bboff\u00a0\u00bb button_one_text_size__hover_enabled=\u00a0\u00bboff\u00a0\u00bb button_two_text_size__hover_enabled=\u00a0\u00bboff\u00a0\u00bb button_text_color__hover_enabled=\u00a0\u00bboff\u00a0\u00bb button_one_text_color__hover_enabled=\u00a0\u00bboff\u00a0\u00bb button_two_text_color__hover_enabled=\u00a0\u00bboff\u00a0\u00bb button_border_width__hover_enabled=\u00a0\u00bboff\u00a0\u00bb button_one_border_width__hover_enabled=\u00a0\u00bboff\u00a0\u00bb button_two_border_width__hover_enabled=\u00a0\u00bboff\u00a0\u00bb button_border_color__hover_enabled=\u00a0\u00bboff\u00a0\u00bb button_one_border_color__hover_enabled=\u00a0\u00bboff\u00a0\u00bb button_two_border_color__hover_enabled=\u00a0\u00bboff\u00a0\u00bb button_border_radius__hover_enabled=\u00a0\u00bboff\u00a0\u00bb button_one_border_radius__hover_enabled=\u00a0\u00bboff\u00a0\u00bb button_two_border_radius__hover_enabled=\u00a0\u00bboff\u00a0\u00bb button_letter_spacing__hover_enabled=\u00a0\u00bboff\u00a0\u00bb button_one_letter_spacing__hover_enabled=\u00a0\u00bboff\u00a0\u00bb button_two_letter_spacing__hover_enabled=\u00a0\u00bboff\u00a0\u00bb button_bg_color__hover_enabled=\u00a0\u00bboff\u00a0\u00bb button_one_bg_color__hover_enabled=\u00a0\u00bboff\u00a0\u00bb button_two_bg_color__hover_enabled=\u00a0\u00bboff\u00a0\u00bb][\/et_pb_contact_field][et_pb_contact_field field_id=\u00a0\u00bbNum\u00e9ro_de_t\u00e9l\u00e9phone\u00a0\u00bb field_title=\u00a0\u00bbNum\u00e9ro de t\u00e9l\u00e9phone\u00a0\u00bb _builder_version=\u00a0\u00bb4.17.4&Prime; _module_preset=\u00a0\u00bbdefault\u00a0\u00bb global_colors_info=\u00a0\u00bb{}\u00a0\u00bb button_text_size__hover_enabled=\u00a0\u00bboff\u00a0\u00bb button_one_text_size__hover_enabled=\u00a0\u00bboff\u00a0\u00bb button_two_text_size__hover_enabled=\u00a0\u00bboff\u00a0\u00bb button_text_color__hover_enabled=\u00a0\u00bboff\u00a0\u00bb button_one_text_color__hover_enabled=\u00a0\u00bboff\u00a0\u00bb button_two_text_color__hover_enabled=\u00a0\u00bboff\u00a0\u00bb button_border_width__hover_enabled=\u00a0\u00bboff\u00a0\u00bb button_one_border_width__hover_enabled=\u00a0\u00bboff\u00a0\u00bb button_two_border_width__hover_enabled=\u00a0\u00bboff\u00a0\u00bb button_border_color__hover_enabled=\u00a0\u00bboff\u00a0\u00bb button_one_border_color__hover_enabled=\u00a0\u00bboff\u00a0\u00bb button_two_border_color__hover_enabled=\u00a0\u00bboff\u00a0\u00bb button_border_radius__hover_enabled=\u00a0\u00bboff\u00a0\u00bb button_one_border_radius__hover_enabled=\u00a0\u00bboff\u00a0\u00bb button_two_border_radius__hover_enabled=\u00a0\u00bboff\u00a0\u00bb button_letter_spacing__hover_enabled=\u00a0\u00bboff\u00a0\u00bb button_one_letter_spacing__hover_enabled=\u00a0\u00bboff\u00a0\u00bb button_two_letter_spacing__hover_enabled=\u00a0\u00bboff\u00a0\u00bb button_bg_color__hover_enabled=\u00a0\u00bboff\u00a0\u00bb button_one_bg_color__hover_enabled=\u00a0\u00bboff\u00a0\u00bb button_two_bg_color__hover_enabled=\u00a0\u00bboff\u00a0\u00bb][\/et_pb_contact_field][et_pb_contact_field field_id=\u00a0\u00bbMessage\u00a0\u00bb field_title=\u00a0\u00bbMessage\u00a0\u00bb field_type=\u00a0\u00bbtext\u00a0\u00bb fullwidth_field=\u00a0\u00bbon\u00a0\u00bb _builder_version=\u00a0\u00bb4.16&Prime; _module_preset=\u00a0\u00bbdefault\u00a0\u00bb global_colors_info=\u00a0\u00bb{}\u00a0\u00bb button_text_size__hover_enabled=\u00a0\u00bboff\u00a0\u00bb button_one_text_size__hover_enabled=\u00a0\u00bboff\u00a0\u00bb button_two_text_size__hover_enabled=\u00a0\u00bboff\u00a0\u00bb button_text_color__hover_enabled=\u00a0\u00bboff\u00a0\u00bb button_one_text_color__hover_enabled=\u00a0\u00bboff\u00a0\u00bb button_two_text_color__hover_enabled=\u00a0\u00bboff\u00a0\u00bb button_border_width__hover_enabled=\u00a0\u00bboff\u00a0\u00bb button_one_border_width__hover_enabled=\u00a0\u00bboff\u00a0\u00bb button_two_border_width__hover_enabled=\u00a0\u00bboff\u00a0\u00bb button_border_color__hover_enabled=\u00a0\u00bboff\u00a0\u00bb button_one_border_color__hover_enabled=\u00a0\u00bboff\u00a0\u00bb button_two_border_color__hover_enabled=\u00a0\u00bboff\u00a0\u00bb button_border_radius__hover_enabled=\u00a0\u00bboff\u00a0\u00bb button_one_border_radius__hover_enabled=\u00a0\u00bboff\u00a0\u00bb button_two_border_radius__hover_enabled=\u00a0\u00bboff\u00a0\u00bb button_letter_spacing__hover_enabled=\u00a0\u00bboff\u00a0\u00bb button_one_letter_spacing__hover_enabled=\u00a0\u00bboff\u00a0\u00bb button_two_letter_spacing__hover_enabled=\u00a0\u00bboff\u00a0\u00bb button_bg_color__hover_enabled=\u00a0\u00bboff\u00a0\u00bb button_one_bg_color__hover_enabled=\u00a0\u00bboff\u00a0\u00bb button_two_bg_color__hover_enabled=\u00a0\u00bboff\u00a0\u00bb][\/et_pb_contact_field][et_pb_contact_field field_id=\u00a0\u00bbField_5&Prime; field_title=\u00a0\u00bb* Nous assurons le traitement de donn\u00e9es \u00e0 caract\u00e8re personnel dans le respect des dispositions du R\u00e8glement G\u00e9n\u00e9ral sur la Protection des Donn\u00e9es n\u00b02016\/679 du 27 avril 2016, dit \u00abRGPD\u00bb, et de la Loi Informatique et Libert\u00e9s telle que modifi\u00e9e notamment par la loi n\u00b02018-493, dite &lsquo;LIL 3&prime;\u00a0\u00bb field_type=\u00a0\u00bbcheckbox\u00a0\u00bb checkbox_options=\u00a0\u00bb%91{%22value%22:%22 J&rsquo;accepte la politique de confidentialit\u00e9%22,%22checked%22:0,%22dragID%22:-1}%93&Prime; fullwidth_field=\u00a0\u00bbon\u00a0\u00bb _builder_version=\u00a0\u00bb4.17.4&Prime; _module_preset=\u00a0\u00bbdefault\u00a0\u00bb global_colors_info=\u00a0\u00bb{}\u00a0\u00bb][\/et_pb_contact_field][\/et_pb_contact_form][et_pb_social_media_follow _builder_version=\u00a0\u00bb4.24.2&Prime; text_orientation=\u00a0\u00bbcenter\u00a0\u00bb custom_padding=\u00a0\u00bb|||\u00a0\u00bb animation_style=\u00a0\u00bbslide\u00a0\u00bb animation_direction=\u00a0\u00bbtop\u00a0\u00bb animation_intensity_slide=\u00a0\u00bb10%\u00a0\u00bb border_radii=\u00a0\u00bbon|100px|100px|100px|100px\u00a0\u00bb locked=\u00a0\u00bboff\u00a0\u00bb global_colors_info=\u00a0\u00bb{}\u00a0\u00bb][et_pb_social_media_follow_network social_network=\u00a0\u00bbinstagram\u00a0\u00bb url=\u00a0\u00bbhttps:\/\/www.instagram.com\/bienveillance.en.abondance\/\u00a0\u00bb _builder_version=\u00a0\u00bb4.24.2&Prime; background_color=\u00a0\u00bbrgba(0,0,0,0.07)\u00a0\u00bb background_enable_color=\u00a0\u00bbon\u00a0\u00bb custom_margin=\u00a0\u00bb|5px||5px||true\u00a0\u00bb custom_padding=\u00a0\u00bb15px|15px|15px|15px|true|true\u00a0\u00bb border_radii=\u00a0\u00bbon|100px|100px|100px|100px\u00a0\u00bb global_colors_info=\u00a0\u00bb{}\u00a0\u00bb follow_button=\u00a0\u00bboff\u00a0\u00bb url_new_window=\u00a0\u00bbon\u00a0\u00bb]instagram[\/et_pb_social_media_follow_network][et_pb_social_media_follow_network social_network=\u00a0\u00bblinkedin\u00a0\u00bb url=\u00a0\u00bbhttps:\/\/www.linkedin.com\/in\/sabrina-lecoeur-bienveillance-en-abondance%F0%9F%8D%80-17321414a\/\u00a0\u00bb _builder_version=\u00a0\u00bb4.24.2&Prime; background_color=\u00a0\u00bbrgba(0,0,0,0.07)\u00a0\u00bb background_enable_color=\u00a0\u00bbon\u00a0\u00bb custom_margin=\u00a0\u00bb|5px||5px||true\u00a0\u00bb custom_padding=\u00a0\u00bb15px|15px|15px|15px|true|true\u00a0\u00bb border_radii=\u00a0\u00bbon|100px|100px|100px|100px\u00a0\u00bb global_colors_info=\u00a0\u00bb{}\u00a0\u00bb follow_button=\u00a0\u00bboff\u00a0\u00bb url_new_window=\u00a0\u00bbon\u00a0\u00bb]linkedin[\/et_pb_social_media_follow_network][et_pb_social_media_follow_network social_network=\u00a0\u00bbyoutube\u00a0\u00bb _builder_version=\u00a0\u00bb4.16&Prime; background_color=\u00a0\u00bbrgba(0,0,0,0.07)\u00a0\u00bb custom_margin=\u00a0\u00bb|5px||5px||true\u00a0\u00bb custom_padding=\u00a0\u00bb15px|15px|15px|15px|true|true\u00a0\u00bb border_radii=\u00a0\u00bbon|100px|100px|100px|100px\u00a0\u00bb global_colors_info=\u00a0\u00bb{}\u00a0\u00bb follow_button=\u00a0\u00bboff\u00a0\u00bb url_new_window=\u00a0\u00bbon\u00a0\u00bb]youtube[\/et_pb_social_media_follow_network][\/et_pb_social_media_follow][\/et_pb_column][\/et_pb_row][\/et_pb_section]<\/p>\n","protected":false},"excerpt":{"rendered":"<p>\u00ab Tous les hommes pensent que le bonheur se trouve au sommet de la montage alors qu&rsquo;il r\u00e9side dans la fa\u00e7on de la gravir \u00bb\u00a0Confucius. &nbsp; \u00a0\u00bb Bonjour Sabrina,Je tenais \u00e0 t&rsquo;\u00e9crire ce message pour exprimer toute ma gratitude envers toi. Je souhaite te remercier du fond du c\u0153ur pour tout ce que tu as [&hellip;]<\/p>\n","protected":false},"author":1,"featured_media":0,"parent":0,"menu_order":0,"comment_status":"closed","ping_status":"closed","template":"","meta":{"_et_pb_use_builder":"on","_et_pb_old_content":"","_et_gb_content_width":"","footnotes":""},"_links":{"self":[{"href":"https:\/\/bienveillance-en-abondance.com\/index.php\/wp-json\/wp\/v2\/pages\/385"}],"collection":[{"href":"https:\/\/bienveillance-en-abondance.com\/index.php\/wp-json\/wp\/v2\/pages"}],"about":[{"href":"https:\/\/bienveillance-en-abondance.com\/index.php\/wp-json\/wp\/v2\/types\/page"}],"author":[{"embeddable":true,"href":"https:\/\/bienveillance-en-abondance.com\/index.php\/wp-json\/wp\/v2\/users\/1"}],"replies":[{"embeddable":true,"href":"https:\/\/bienveillance-en-abondance.com\/index.php\/wp-json\/wp\/v2\/comments?post=385"}],"version-history":[{"count":21,"href":"https:\/\/bienveillance-en-abondance.com\/index.php\/wp-json\/wp\/v2\/pages\/385\/revisions"}],"predecessor-version":[{"id":458,"href":"https:\/\/bienveillance-en-abondance.com\/index.php\/wp-json\/wp\/v2\/pages\/385\/revisions\/458"}],"wp:attachment":[{"href":"https:\/\/bienveillance-en-abondance.com\/index.php\/wp-json\/wp\/v2\/media?parent=385"}],"curies":[{"name":"wp","href":"https:\/\/api.w.org\/{rel}","templated":true}]}}